{"id":653,"date":"2020-06-16T07:41:16","date_gmt":"2020-06-16T07:41:16","guid":{"rendered":"http:\/\/geschichte.bibibo.info\/?page_id=653"},"modified":"2022-08-04T07:22:39","modified_gmt":"2022-08-04T07:22:39","slug":"die-bieberlies","status":"publish","type":"page","link":"https:\/\/geschichte.bibibo.info\/?page_id=653","title":{"rendered":"Die Bieberlies"},"content":{"rendered":"\n<figure class=\"wp-block-image size-large\"><img loading=\"lazy\" decoding=\"async\" width=\"972\" height=\"512\" src=\"https:\/\/geschichte.bibibo.info\/wp-content\/uploads\/2020\/11\/Bieberlies-Bahn-1.png\" alt=\"\" class=\"wp-image-4950\" srcset=\"https:\/\/geschichte.bibibo.info\/wp-content\/uploads\/2020\/11\/Bieberlies-Bahn-1.png 972w, https:\/\/geschichte.bibibo.info\/wp-content\/uploads\/2020\/11\/Bieberlies-Bahn-1-300x158.png 300w, https:\/\/geschichte.bibibo.info\/wp-content\/uploads\/2020\/11\/Bieberlies-Bahn-1-768x405.png 768w\" sizes=\"auto, (max-width: 972px) 100vw, 972px\" \/><figcaption><strong>Schautafel an der Gedenkstrecke in der N\u00e4he von Hof Schmitte in Rodheim<\/strong><\/figcaption><\/figure>\n\n\n\n<div class=\"wp-block-image\"><figure class=\"alignright size-large\"><img loading=\"lazy\" decoding=\"async\" width=\"533\" height=\"400\" src=\"https:\/\/geschichte.bibibo.info\/wp-content\/uploads\/2020\/11\/Gleisanlage-533x400-Foto-Klaus-Waldschmidt-1.jpg\" alt=\"\" class=\"wp-image-4955\" srcset=\"https:\/\/geschichte.bibibo.info\/wp-content\/uploads\/2020\/11\/Gleisanlage-533x400-Foto-Klaus-Waldschmidt-1.jpg 533w, https:\/\/geschichte.bibibo.info\/wp-content\/uploads\/2020\/11\/Gleisanlage-533x400-Foto-Klaus-Waldschmidt-1-300x225.jpg 300w\" sizes=\"auto, (max-width: 533px) 100vw, 533px\" \/><figcaption><strong>Gedenkstrecke in der N\u00e4he von Hof Schmitte in Rodheim<\/strong><\/figcaption><\/figure><\/div>\n\n\n\n<figure class=\"wp-block-image size-large\"><img loading=\"lazy\" decoding=\"async\" width=\"976\" height=\"550\" src=\"https:\/\/geschichte.bibibo.info\/wp-content\/uploads\/2020\/06\/image-17.png\" alt=\"\" class=\"wp-image-670\" srcset=\"https:\/\/geschichte.bibibo.info\/wp-content\/uploads\/2020\/06\/image-17.png 976w, https:\/\/geschichte.bibibo.info\/wp-content\/uploads\/2020\/06\/image-17-300x169.png 300w, https:\/\/geschichte.bibibo.info\/wp-content\/uploads\/2020\/06\/image-17-768x433.png 768w\" sizes=\"auto, (max-width: 976px) 100vw, 976px\" \/><figcaption><strong>Bieberlies mit Erzwaggons, die sie bis in die 1960er Jahre zog. Repro: ws, Wetterauer Zeitung, Februar 2017<\/strong><\/figcaption><\/figure>\n\n\n\n<figure class=\"wp-block-image size-large\"><img loading=\"lazy\" decoding=\"async\" width=\"1024\" height=\"378\" src=\"https:\/\/geschichte.bibibo.info\/wp-content\/uploads\/2020\/06\/image-16-1024x378.png\" alt=\"\" class=\"wp-image-657\" srcset=\"https:\/\/geschichte.bibibo.info\/wp-content\/uploads\/2020\/06\/image-16-1024x378.png 1024w, https:\/\/geschichte.bibibo.info\/wp-content\/uploads\/2020\/06\/image-16-300x111.png 300w, https:\/\/geschichte.bibibo.info\/wp-content\/uploads\/2020\/06\/image-16-768x283.png 768w, https:\/\/geschichte.bibibo.info\/wp-content\/uploads\/2020\/06\/image-16.png 1353w\" sizes=\"auto, (max-width: 1024px) 100vw, 1024px\" \/><figcaption><strong>Bild:&nbsp;<a href=\"http:\/\/www.sauerlaender-kleinbahn.de\/museumszug\/\">Sauerl\u00e4nder Kleinbahn<\/a> &#8211; Heute in Plettenberg zu sehen, dem Mecka der Bieberlies-Fans<\/strong><\/figcaption><\/figure>\n\n\n\n<p>weitere <a href=\"https:\/\/www.google.de\/search?source=univ&amp;tbm=isch&amp;q=renovierung+l%C3%A4uft,+bieberlies&amp;sa=X&amp;ved=2ahUKEwjF4cnn6oXqAhVzoXEKHbkEDUsQsAR6BAgJEAE&amp;biw=1760&amp;bih=847\">Bilder zur Bieberlies<\/a> sowie auf <a href=\"https:\/\/www.facebook.com\/Bieberlies\/\">Facebook<\/a> und ein Wikipedia-Artikel zur <a href=\"https:\/\/de.wikipedia.org\/wiki\/Biebertalbahn\">Biebertalbahn<\/a> <\/p>\n\n\n\n<figure class=\"wp-block-image size-large\"><img loading=\"lazy\" decoding=\"async\" width=\"1024\" height=\"727\" src=\"https:\/\/geschichte.bibibo.info\/wp-content\/uploads\/2020\/11\/Bieberlies-Karte-1024x727.jpg\" alt=\"\" class=\"wp-image-4947\" srcset=\"https:\/\/geschichte.bibibo.info\/wp-content\/uploads\/2020\/11\/Bieberlies-Karte-1024x727.jpg 1024w, https:\/\/geschichte.bibibo.info\/wp-content\/uploads\/2020\/11\/Bieberlies-Karte-300x213.jpg 300w, https:\/\/geschichte.bibibo.info\/wp-content\/uploads\/2020\/11\/Bieberlies-Karte-768x545.jpg 768w, https:\/\/geschichte.bibibo.info\/wp-content\/uploads\/2020\/11\/Bieberlies-Karte.jpg 1219w\" sizes=\"auto, (max-width: 1024px) 100vw, 1024px\" \/><figcaption><strong>Collage: Bernd Laucht<\/strong><\/figcaption><\/figure>\n\n\n\n<p>Das Gie\u00dfener Land war bereits zur Zeit der fr\u00fchesten metallverarbeitenden Kulturen Abbau- und Verarbeitungszeitraum f\u00fcr verschiedene Erze. <br>Die Anf\u00e4nge des heimischen Berg- und H\u00fcttenwesens liegen in&nbsp;der Epoche der keltischen Eisenkultur. W\u00e4hrend des Mittelalters und zu Beginn der Neuzeit bildeten die Eisenerzvorkommen und gro\u00dfen Waldungen im Umfeld des D\u00fcnsberges die Basis einer arbeitsteiligen Eisengewinnung und -verarbeitung <br>im Biebertal.<\/p>\n\n\n\n<p>Der Eisenerzbergbau in der heutigen Gro\u00dfgemeinde Biebertal erlebte in den f\u00fcnfziger Jahren des <br>19. Jahrhunderts einen erneuen Aufschwung. <br>Urs\u00e4chlich hierf\u00fcr war zum Einen die Errichtung eines neuen H\u00fcttenwerkes bei Lollar (das heutige Werk Lollar der Buderus Heiztechnik GmbH) im Jahre 1854 und zum anderen die M\u00f6glichkeit, die Erze seit 1852 mit der Bahn ab Gie\u00dfen versenden zu k\u00f6nnen. <br>Seit Mitte der sechziger Jahre des 19. Jahrhundert gab es Bestrebungen, eine Bahnlinie durch das Biebertal zu bauen. Mit der Errichtung der Erzverladestelle Abendstern an der Bahnstrecke (Wetzlar &#8211; Lollar) konnte 1888 das&nbsp;Transportproblem teilweise gel\u00f6st werden.<\/p>\n\n\n\n<p><strong>1897\/98 wurde schlie\u00dflich die Kleinbahn von Gie\u00dfen nach Bieber gebaut, die am 19. August 1898 den Betrieb aufnahm<\/strong> und schon zu Beginn des 20. Jahrhunderts von der Bev\u00f6lkerung den Kosenamen &#8222;Bieberlieschen&#8220; erhielt.<\/p>\n\n\n\n<p><strong>Mit dem Ende der Erzf\u00f6rderung in der Grube K\u00f6nigsberg bei Bieber <\/strong>wurde der G\u00fcterverkehr der Bieberlies auf der Strecke Abendstern &#8211; Bieber und damit der <strong>Gesamtverkehr am 30. April 1963 eingestellt<\/strong>. Die oben im Bild zu sehenden langen Erzz\u00fcge waren damit Geschichte.<br><strong>Der \u00fcbrige G\u00fcterverkehr und der Personenverkehr, <\/strong>der bis in die 50er Jahre von Bieber bis nach Gie\u00dfen (Owaldsgarten) ging<strong>, standen schon seit dem 14. April 1952 still.<\/strong><br>Durch den Bergbau im Raum Biebertal&nbsp;war die Kleinbahn entstanden und mit der&nbsp;Einstellung des Bergbaus war auch ihr Ende gekommen. <\/p>\n\n\n\n<p>Die&nbsp;gl\u00fccklicherweise &nbsp;noch erhaltene Dampflokomotive der &#8222;Bieberlies&#8220; wird heute noch auf einer Museumseisenbahnsrecke bei Plettenberg eingesetzt. <br>Ein Modell der Kleinbahn &#8222;Bieberlies&#8220; ist in den R\u00e4umen des Heimatmuseums Rodheim-Bieber ausgestellt.<br><strong>In der N\u00e4he vom Hof Schmitte<\/strong> <strong>am Ortseingang von Rodheim<\/strong> (von Gie\u00dfen kommend) ist inzwischen &#8211; vom Heimatverein zur Erinnerung an die Bieberlies &#8211; ein St\u00fcck Bahngleis gebaut und seit 2020 mit einem Waggon ausgestattet worden.<br>Die Lok der Bieberlies f\u00e4hrt derweil zwischen Plettenberg und Herscheid und ist f\u00fcr Biebertaler zu einer Art &#8222;Wallfahrtsort&#8220; geworden &#8211; insbesondere f\u00fcr \u00e4ltere Mitbewohner, die noch mit der Bahn von Bieber zur Station &#8222;Oswaldsgarten&#8220; in Gie\u00dfen gefahren sind.<br>Erst k\u00fcrzlich (<a href=\"https:\/\/www.giessener-anzeiger.de\/lokales\/kreis-giessen\/biebertal\/fahrt-mit-bieberlies-immer-wieder-ein-erlebnis_22179252\">Ende August 2020<\/a>) berichteten Besucher von dem ca. einst\u00fcndige Fahrvergn\u00fcgen, dass die Bieberlies-Lok Nr. 60 mit der Fabrikations-Nr. 19979 der Fa. Henschel in Kassel schnaubt, faucht und Dampf spuckt, pfeift und bimmelt, wie in alten Tagen. Beim Umh\u00e4ngen der Lok in K\u00f6ppinghausen k\u00f6nnen die Besucher aussteigen und alle Handlungen mitverfolgen. Flei\u00dfig wird dann mit Handy, Videokamera, Fotoapparat festgehalten, was man als Erinnerung mit nach Hause nehmen m\u00f6chte.<\/p>\n\n\n\n<p>Dem Verein M\u00e4rkische Museums-Eisenbahn ist es zu verdanken, dass die &#8222;Lies&#8220; nicht verschrottet wurde, sondern wieder unter Dampf steht. Hans Rink und sein Jugendfreund Lothar Mickel sorgten 1965 &#8211; mit Hilfe des damaligen Ministerpr\u00e4sidenten Albert O\u00dfwald und der Bundeswehr &#8211; f\u00fcr den Kauf der Lok von der Kleinbahngesellschaft und f\u00fcr die Restaurierung. <\/p>\n\n\n\n<p>1992 konnte man die Lok auf ihrer &#8222;Reparaturreise gen Osten&#8220; auf einem Stopp vor dem Kinzenbacher Bahnhof erleben. Dann aber, 1998, zum 100. Geburtstag der Bieberbahn, war die Lok zu einem gro\u00dfen Fest auf einem Tieflader zu Besuch in Biebertal und vor dem B\u00fcrgerhaus in Rodheim. <\/p>\n\n\n\n<p>Quelle: <a href=\"https:\/\/www.giessener-land.de\/index.php?section=home.php&amp;hk=9&amp;sk=30&amp;at=587&amp;rt=1&amp;se=M&amp;page=38\">Gie\u00dfener Land<\/a> und Helmut Failing, Vorsitzender des Heimatvereins Rodheim-Bieber<\/p>\n\n\n\n<p style=\"font-size:12px\"><strong>aktuelle Fotos: Lindemann<\/strong><\/p>\n\n\n\n<h3 class=\"wp-block-heading\">Hier eine Sammlung von Artikeln und Videos zum Thema Bieberlies<\/h3>\n\n\n\n<p>1995 &#8211; <a href=\"https:\/\/www.heimatverein-rodheim-bieber.de\/hv\/arbeitskreise\/erzbergbau-huettenwesen-bieberlies\/\">Erzbergbau \u2013 H\u00fcttenwesen \u2013 Bieberlies<\/a><br>2008 &#8211; <a href=\"https:\/\/www.giessener-allgemeine.de\/kreis-giessen\/biebertal-ort848760\/bieberlies-schnaubt-faucht-pfeift-bimmelt-wieder-12147635.html\">Die Bieberlies schnaubt wieder<\/a><br>2014 &#8211; <a href=\"http:\/\/www.duensberg-verein.de\/bieberlies.htm\">D\u00fcnsbergverein spendet f\u00fcr die Bieberlies in Plettenberg<\/a><br>         &#8211; <a href=\"https:\/\/www.nrw-stiftung.de\/presse\/aktuelles-pi.php?piid=469\">NRW-Stiftung hilft &#8222;Bewegtes Denkmal&#8220; zu reparieren <\/a><br>2016 &#8211; <a href=\"https:\/\/www.youtube.com\/watch?v=PFWV8TiUqWk\">Bieberlies auf gro\u00dfer Reise<\/a> (Video)<br>2016 &#8211; <a href=\"http:\/\/www.giessenerland.de\/der-bieberlies-ein-denkmal-gesetzt\/\">Der Bieberlies ein Denkmal gesetzt<\/a><br>2017 &#8211; <a href=\"https:\/\/www.youtube.com\/watch?v=Kg1vECW21BQ\">Eisenbahnromantik mit dem Bieberlies Vulkanexpress durchs Brohltal<\/a> (Video)<br>2017 &#8211; <a href=\"https:\/\/www.come-on.de\/lennetal\/herscheid\/naechtlicher-transport-dampflok-bieberlies-hueinghausen-ueber-eifel-8623403.html\">N\u00e4chtlicher Transport der Dampflok \u201eBieberlies\u201c<\/a><br>2017 &#8211; <a href=\"https:\/\/ios-hybrid.wetterauer-zeitung.de\/regional\/kreisgiessen\/Kreis-Giessen-Erzwaggon-der-Bieberlies-gesucht;art457,212392\">Erzwaggon der Bieberlies gesucht<\/a><br>2019 &#8211; <a href=\"https:\/\/guten-tach.de\/dampflok-bieberlies-wird-angeheizt\/\">Dampflok Bieberlies wird angeheizt<\/a><br>2020 &#8211; <a href=\"https:\/\/www.giessener-anzeiger.de\/lokales\/kreis-giessen\/biebertal\/bieberlies-erinnerungsareal-in-biebertal-wird-komplettiert_21679946\">Ein Bieberlies-Erinnerungsareal in Biebertal wird komplettiert<\/a>.<br>2020 &#8211; <a href=\"https:\/\/attendorner-geschichten.de\/2020\/06\/15\/dampflok-bieberlies-zieht-die-zuege-der-sauerlaender-kleinbahn-am-kommenden-sonntag-21-06-2020\/\">Die Bieberlies zieht wieder Z\u00fcge<\/a><br>2020 &#8211; Renovierung l\u00e4uft, siehe Bilder unterhalb<br>2020 &#8211; <a rel=\"noreferrer noopener\" href=\"https:\/\/www.giessener-allgemeine.de\/kreis-giessen\/biebertal-ort848760\/plakat-erinnert-biebertalbahn-13921089.html\" target=\"_blank\">Erinnerungsplakat<\/a><\/p>\n\n\n\n<figure class=\"wp-block-image size-large is-resized\"><img loading=\"lazy\" decoding=\"async\" src=\"https:\/\/geschichte.bibibo.info\/wp-content\/uploads\/2020\/06\/image-19.png\" alt=\"\" class=\"wp-image-673\" width=\"846\" height=\"828\" srcset=\"https:\/\/geschichte.bibibo.info\/wp-content\/uploads\/2020\/06\/image-19.png 673w, https:\/\/geschichte.bibibo.info\/wp-content\/uploads\/2020\/06\/image-19-300x294.png 300w\" sizes=\"auto, (max-width: 846px) 100vw, 846px\" \/><figcaption><strong>Gie\u00dfener Anzeiger, 16.06.2020<\/strong><\/figcaption><\/figure>\n\n\n\n<p>Weitere Bilder zu der Aktion:<\/p>\n\n\n\n<div class=\"wp-block-columns is-layout-flex wp-container-core-columns-is-layout-28f84493 wp-block-columns-is-layout-flex\">\n<div class=\"wp-block-column is-layout-flow wp-block-column-is-layout-flow\">\n<figure class=\"wp-block-image size-large\"><img loading=\"lazy\" decoding=\"async\" width=\"720\" height=\"960\" src=\"https:\/\/geschichte.bibibo.info\/wp-content\/uploads\/2020\/06\/2020-06-16-Bieberlieswaggon-streichen-1-1.jpg\" alt=\"\" class=\"wp-image-686\" srcset=\"https:\/\/geschichte.bibibo.info\/wp-content\/uploads\/2020\/06\/2020-06-16-Bieberlieswaggon-streichen-1-1.jpg 720w, https:\/\/geschichte.bibibo.info\/wp-content\/uploads\/2020\/06\/2020-06-16-Bieberlieswaggon-streichen-1-1-225x300.jpg 225w\" sizes=\"auto, (max-width: 720px) 100vw, 720px\" \/><\/figure>\n<\/div>\n\n\n\n<div class=\"wp-block-column is-layout-flow wp-block-column-is-layout-flow\">\n<figure class=\"wp-block-image size-large\"><img loading=\"lazy\" decoding=\"async\" width=\"720\" height=\"960\" src=\"https:\/\/geschichte.bibibo.info\/wp-content\/uploads\/2020\/06\/2020-06-Bieberlieswaggon-streichen-1.jpg\" alt=\"\" class=\"wp-image-684\" srcset=\"https:\/\/geschichte.bibibo.info\/wp-content\/uploads\/2020\/06\/2020-06-Bieberlieswaggon-streichen-1.jpg 720w, https:\/\/geschichte.bibibo.info\/wp-content\/uploads\/2020\/06\/2020-06-Bieberlieswaggon-streichen-1-225x300.jpg 225w\" sizes=\"auto, (max-width: 720px) 100vw, 720px\" \/><\/figure>\n<\/div>\n\n\n\n<div class=\"wp-block-column is-layout-flow wp-block-column-is-layout-flow\">\n<figure class=\"wp-block-image size-large\"><img loading=\"lazy\" decoding=\"async\" width=\"768\" height=\"1024\" src=\"https:\/\/geschichte.bibibo.info\/wp-content\/uploads\/2020\/06\/2020-06-16_19-Bieberlies-Waggonrestauration-1-768x1024.jpg\" alt=\"\" class=\"wp-image-685\" srcset=\"https:\/\/geschichte.bibibo.info\/wp-content\/uploads\/2020\/06\/2020-06-16_19-Bieberlies-Waggonrestauration-1-768x1024.jpg 768w, https:\/\/geschichte.bibibo.info\/wp-content\/uploads\/2020\/06\/2020-06-16_19-Bieberlies-Waggonrestauration-1-225x300.jpg 225w, https:\/\/geschichte.bibibo.info\/wp-content\/uploads\/2020\/06\/2020-06-16_19-Bieberlies-Waggonrestauration-1.jpg 960w\" sizes=\"auto, (max-width: 768px) 100vw, 768px\" \/><\/figure>\n<\/div>\n<\/div>\n\n\n\n<figure class=\"wp-block-image size-large\"><img loading=\"lazy\" decoding=\"async\" width=\"1024\" height=\"768\" src=\"https:\/\/geschichte.bibibo.info\/wp-content\/uploads\/2020\/06\/2020-06-16-Bieberlies-Waggonrestauration-1-1024x768.jpg\" alt=\"\" class=\"wp-image-683\" srcset=\"https:\/\/geschichte.bibibo.info\/wp-content\/uploads\/2020\/06\/2020-06-16-Bieberlies-Waggonrestauration-1-1024x768.jpg 1024w, https:\/\/geschichte.bibibo.info\/wp-content\/uploads\/2020\/06\/2020-06-16-Bieberlies-Waggonrestauration-1-300x225.jpg 300w, https:\/\/geschichte.bibibo.info\/wp-content\/uploads\/2020\/06\/2020-06-16-Bieberlies-Waggonrestauration-1-768x576.jpg 768w, https:\/\/geschichte.bibibo.info\/wp-content\/uploads\/2020\/06\/2020-06-16-Bieberlies-Waggonrestauration-1.jpg 1280w\" sizes=\"auto, (max-width: 1024px) 100vw, 1024px\" \/><\/figure>\n\n\n\n<div class=\"wp-block-columns is-layout-flex wp-container-core-columns-is-layout-28f84493 wp-block-columns-is-layout-flex\">\n<div class=\"wp-block-column is-layout-flow wp-block-column-is-layout-flow\">\n<figure class=\"wp-block-image size-large\"><img loading=\"lazy\" decoding=\"async\" width=\"768\" height=\"1024\" src=\"https:\/\/geschichte.bibibo.info\/wp-content\/uploads\/2020\/09\/image-768x1024.png\" alt=\"\" class=\"wp-image-898\" srcset=\"https:\/\/geschichte.bibibo.info\/wp-content\/uploads\/2020\/09\/image-768x1024.png 768w, https:\/\/geschichte.bibibo.info\/wp-content\/uploads\/2020\/09\/image-225x300.png 225w, https:\/\/geschichte.bibibo.info\/wp-content\/uploads\/2020\/09\/image.png 960w\" sizes=\"auto, (max-width: 768px) 100vw, 768px\" \/><\/figure>\n\n\n\n<figure class=\"wp-block-image size-large\"><img loading=\"lazy\" decoding=\"async\" width=\"768\" height=\"1024\" src=\"https:\/\/geschichte.bibibo.info\/wp-content\/uploads\/2020\/09\/image-2-768x1024.png\" alt=\"\" class=\"wp-image-900\" srcset=\"https:\/\/geschichte.bibibo.info\/wp-content\/uploads\/2020\/09\/image-2-768x1024.png 768w, https:\/\/geschichte.bibibo.info\/wp-content\/uploads\/2020\/09\/image-2-225x300.png 225w, https:\/\/geschichte.bibibo.info\/wp-content\/uploads\/2020\/09\/image-2.png 960w\" sizes=\"auto, (max-width: 768px) 100vw, 768px\" \/><\/figure>\n\n\n\n<figure class=\"wp-block-image size-large\"><img loading=\"lazy\" decoding=\"async\" width=\"768\" height=\"1024\" src=\"https:\/\/geschichte.bibibo.info\/wp-content\/uploads\/2020\/09\/image-4-768x1024.png\" alt=\"\" class=\"wp-image-902\" srcset=\"https:\/\/geschichte.bibibo.info\/wp-content\/uploads\/2020\/09\/image-4-768x1024.png 768w, https:\/\/geschichte.bibibo.info\/wp-content\/uploads\/2020\/09\/image-4-225x300.png 225w, https:\/\/geschichte.bibibo.info\/wp-content\/uploads\/2020\/09\/image-4.png 960w\" sizes=\"auto, (max-width: 768px) 100vw, 768px\" \/><\/figure>\n<\/div>\n\n\n\n<div class=\"wp-block-column is-layout-flow wp-block-column-is-layout-flow\">\n<figure class=\"wp-block-image size-large\"><img loading=\"lazy\" decoding=\"async\" width=\"768\" height=\"1024\" src=\"https:\/\/geschichte.bibibo.info\/wp-content\/uploads\/2020\/09\/image-1-768x1024.png\" alt=\"\" class=\"wp-image-899\" srcset=\"https:\/\/geschichte.bibibo.info\/wp-content\/uploads\/2020\/09\/image-1-768x1024.png 768w, https:\/\/geschichte.bibibo.info\/wp-content\/uploads\/2020\/09\/image-1-225x300.png 225w, https:\/\/geschichte.bibibo.info\/wp-content\/uploads\/2020\/09\/image-1.png 960w\" sizes=\"auto, (max-width: 768px) 100vw, 768px\" \/><\/figure>\n\n\n\n<figure class=\"wp-block-image size-large\"><img loading=\"lazy\" decoding=\"async\" width=\"768\" height=\"1024\" src=\"https:\/\/geschichte.bibibo.info\/wp-content\/uploads\/2020\/09\/image-3-768x1024.png\" alt=\"\" class=\"wp-image-901\" srcset=\"https:\/\/geschichte.bibibo.info\/wp-content\/uploads\/2020\/09\/image-3-768x1024.png 768w, https:\/\/geschichte.bibibo.info\/wp-content\/uploads\/2020\/09\/image-3-225x300.png 225w, https:\/\/geschichte.bibibo.info\/wp-content\/uploads\/2020\/09\/image-3.png 960w\" sizes=\"auto, (max-width: 768px) 100vw, 768px\" \/><\/figure>\n\n\n\n<figure class=\"wp-block-image size-large\"><img loading=\"lazy\" decoding=\"async\" width=\"1024\" height=\"768\" src=\"https:\/\/geschichte.bibibo.info\/wp-content\/uploads\/2020\/09\/image-5-1024x768.png\" alt=\"\" class=\"wp-image-903\" srcset=\"https:\/\/geschichte.bibibo.info\/wp-content\/uploads\/2020\/09\/image-5-1024x768.png 1024w, https:\/\/geschichte.bibibo.info\/wp-content\/uploads\/2020\/09\/image-5-300x225.png 300w, https:\/\/geschichte.bibibo.info\/wp-content\/uploads\/2020\/09\/image-5-768x576.png 768w, https:\/\/geschichte.bibibo.info\/wp-content\/uploads\/2020\/09\/image-5.png 1280w\" sizes=\"auto, (max-width: 1024px) 100vw, 1024px\" \/><figcaption>Fotos: Thosten Cramer<\/figcaption><\/figure>\n\n\n\n<div class=\"wp-block-image\"><figure class=\"aligncenter size-large\"><img loading=\"lazy\" decoding=\"async\" width=\"190\" height=\"127\" src=\"https:\/\/geschichte.bibibo.info\/wp-content\/uploads\/2020\/11\/Bieberlies-Lok-1.png\" alt=\"\" class=\"wp-image-4953\" srcset=\"https:\/\/geschichte.bibibo.info\/wp-content\/uploads\/2020\/11\/Bieberlies-Lok-1.png 190w, https:\/\/geschichte.bibibo.info\/wp-content\/uploads\/2020\/11\/Bieberlies-Lok-1-120x80.png 120w\" sizes=\"auto, (max-width: 190px) 100vw, 190px\" \/><\/figure><\/div>\n<\/div>\n<\/div>\n\n\n\n<p style=\"font-size:12px\"><strong>Fotos: Thorsten Cramer<\/strong><\/p>\n\n\n\n<div class=\"wp-block-image\"><figure class=\"alignright size-large is-resized\"><img loading=\"lazy\" decoding=\"async\" src=\"https:\/\/geschichte.bibibo.info\/wp-content\/uploads\/2020\/11\/Biebertalbahnwaggon-1024x576.jpg\" alt=\"\" class=\"wp-image-4957\" width=\"868\" height=\"488\" srcset=\"https:\/\/geschichte.bibibo.info\/wp-content\/uploads\/2020\/11\/Biebertalbahnwaggon-1024x576.jpg 1024w, https:\/\/geschichte.bibibo.info\/wp-content\/uploads\/2020\/11\/Biebertalbahnwaggon-300x169.jpg 300w, https:\/\/geschichte.bibibo.info\/wp-content\/uploads\/2020\/11\/Biebertalbahnwaggon-768x432.jpg 768w, https:\/\/geschichte.bibibo.info\/wp-content\/uploads\/2020\/11\/Biebertalbahnwaggon-1536x864.jpg 1536w, https:\/\/geschichte.bibibo.info\/wp-content\/uploads\/2020\/11\/Biebertalbahnwaggon-2048x1152.jpg 2048w\" sizes=\"auto, (max-width: 868px) 100vw, 868px\" \/><figcaption><strong>Foto: Klaus Waldschmidt<\/strong><\/figcaption><\/figure><\/div>\n\n\n\n<figure class=\"wp-block-image size-large\"><img loading=\"lazy\" decoding=\"async\" width=\"421\" height=\"388\" src=\"https:\/\/geschichte.bibibo.info\/wp-content\/uploads\/2020\/11\/Biebertalbahn-Waggon.jpg\" alt=\"\" class=\"wp-image-4956\" srcset=\"https:\/\/geschichte.bibibo.info\/wp-content\/uploads\/2020\/11\/Biebertalbahn-Waggon.jpg 421w, https:\/\/geschichte.bibibo.info\/wp-content\/uploads\/2020\/11\/Biebertalbahn-Waggon-300x276.jpg 300w\" sizes=\"auto, (max-width: 421px) 100vw, 421px\" \/><\/figure>\n\n\n\n<p><\/p>\n","protected":false},"excerpt":{"rendered":"<p>weitere Bilder zur Bieberlies sowie auf Facebook und ein Wikipedia-Artikel zur Biebertalbahn Das Gie\u00dfener Land war bereits zur Zeit der fr\u00fchesten metallverarbeitenden Kulturen Abbau- und Verarbeitungszeitraum f\u00fcr verschiedene Erze. Die Anf\u00e4nge des heimischen Berg- und H\u00fcttenwesens liegen in&nbsp;der Epoche der keltischen Eisenkultur. W\u00e4hrend des Mittelalters und zu Beginn der Neuzeit bildeten die Eisenerzvorkommen und gro\u00dfen &hellip; <\/p>\n<p class=\"link-more\"><a href=\"https:\/\/geschichte.bibibo.info\/?page_id=653\" class=\"more-link\">Mehr <span class=\"screen-reader-text\">\u00fcber &#8222;Die Bieberlies&#8220; <\/span>Lesen<\/a><\/p>\n","protected":false},"author":2,"featured_media":0,"parent":0,"menu_order":0,"comment_status":"closed","ping_status":"closed","template":"","meta":{"inspiro_hide_title":false,"footnotes":""},"class_list":["post-653","page","type-page","status-publish","hentry"],"_links":{"self":[{"href":"https:\/\/geschichte.bibibo.info\/index.php?rest_route=\/wp\/v2\/pages\/653","targetHints":{"allow":["GET"]}}],"collection":[{"href":"https:\/\/geschichte.bibibo.info\/index.php?rest_route=\/wp\/v2\/pages"}],"about":[{"href":"https:\/\/geschichte.bibibo.info\/index.php?rest_route=\/wp\/v2\/types\/page"}],"author":[{"embeddable":true,"href":"https:\/\/geschichte.bibibo.info\/index.php?rest_route=\/wp\/v2\/users\/2"}],"replies":[{"embeddable":true,"href":"https:\/\/geschichte.bibibo.info\/index.php?rest_route=%2Fwp%2Fv2%2Fcomments&post=653"}],"version-history":[{"count":19,"href":"https:\/\/geschichte.bibibo.info\/index.php?rest_route=\/wp\/v2\/pages\/653\/revisions"}],"predecessor-version":[{"id":5108,"href":"https:\/\/geschichte.bibibo.info\/index.php?rest_route=\/wp\/v2\/pages\/653\/revisions\/5108"}],"wp:attachment":[{"href":"https:\/\/geschichte.bibibo.info\/index.php?rest_route=%2Fwp%2Fv2%2Fmedia&parent=653"}],"curies":[{"name":"wp","href":"https:\/\/api.w.org\/{rel}","templated":true}]}}