{"id":363,"date":"2020-04-21T10:56:46","date_gmt":"2020-04-21T10:56:46","guid":{"rendered":"http:\/\/geschichte.bibibo.info\/?page_id=363"},"modified":"2020-06-06T18:46:13","modified_gmt":"2020-06-06T18:46:13","slug":"hofgut-bobenrod-mit-historischem-friedhof","status":"publish","type":"page","link":"https:\/\/geschichte.bibibo.info\/?page_id=363","title":{"rendered":"Hofgut Bubenrod, historischer Friedhof und mehr"},"content":{"rendered":"\n<div class=\"wp-block-image\"><figure class=\"aligncenter size-large\"><img loading=\"lazy\" decoding=\"async\" width=\"539\" height=\"185\" src=\"https:\/\/geschichte.bibibo.info\/wp-content\/uploads\/2020\/06\/image-3.png\" alt=\"\" class=\"wp-image-561\" srcset=\"https:\/\/geschichte.bibibo.info\/wp-content\/uploads\/2020\/06\/image-3.png 539w, https:\/\/geschichte.bibibo.info\/wp-content\/uploads\/2020\/06\/image-3-300x103.png 300w\" sizes=\"auto, (max-width: 539px) 100vw, 539px\" \/><figcaption>Hofgut Bubenrod<br>Bild: Heimatkundlicher Arbeitskreis Buseck e. V.<\/figcaption><\/figure><\/div>\n\n\n\n<p>Auf der Seite &#8222;<a href=\"https:\/\/denkxweb.denkmalpflege-hessen.de\/46960\/\">Kulturdenkm\u00e4ler in Hessen<\/a>&#8220; wird \u00fcber das Hofgut Bubenrod berichtet. Es liegt, umgeben von W\u00e4ldern, s\u00fcdlich von K\u00f6nigsberg. In der N\u00e4he f\u00fchrten einst zwei mittelalterliche Handelsstra\u00dfen, die \u201eW\u00e4llerstra\u00dfe&#8220; und die \u201eHohe Stra\u00dfe&#8220; vorbei.<\/p>\n\n\n\n<figure class=\"wp-block-embed-youtube wp-block-embed is-type-video is-provider-youtube wp-embed-aspect-16-9 wp-has-aspect-ratio\"><div class=\"wp-block-embed__wrapper\">\n<iframe loading=\"lazy\" title=\"Hofgut Bubenrod\" width=\"950\" height=\"534\" src=\"https:\/\/www.youtube.com\/embed\/eIVTz09nLBw?feature=oembed\" frameborder=\"0\" allow=\"accelerometer; autoplay; clipboard-write; encrypted-media; gyroscope; picture-in-picture; web-share\" referrerpolicy=\"strict-origin-when-cross-origin\" allowfullscreen><\/iframe>\n<\/div><figcaption>youtube-Video: Hofgut Bubenrod<\/figcaption><\/figure>\n\n\n\n<hr class=\"wp-block-separator\"\/>\n\n\n\n<p>Elke Noppes hat f\u00fcr das <a href=\"http:\/\/www.buseckertal.de\/buseck\/orte\/bubenrod.html\">Geschichtsportal Busecker Tal<\/a> recherchiert:<\/p>\n\n\n\n<p>Sp\u00e4testens im 15. Jahrhundert besa\u00df, mit Johann v. Buseck gen. M\u00fcnch (d. \u00c4.), ein Busecker Ganerbe das Hofgut Bubenrod. Dies l\u00e4sst, im R\u00fcckblick, ein Erbschaftsstreit von 1571 vermuten.<br>Vermutlich handelt es sich bei Johann d. \u00c4lteren um einen seit 1387 erw\u00e4hnten, gemeinsamen\u00a0<a href=\"http:\/\/www.buseckertal.de\/buseck\/personen-m\/muench\/4012.htm\">Vorfahren<\/a>\u00a0der 1571 streitenden Parteien.<br><br>In einem gedruckten Nachruf auf\u00a0<a href=\"http:\/\/www.buseckertal.de\/buseck\/personen-m\/muench\/4037.htm\">Hans Philipp v. Buseck gen. M\u00fcnch<\/a>\u00a0wird erw\u00e4hnt, er sei 1555 in Bubenrod geboren.\u00a0Eine Urkunde von 1567 bezieht sich auf dessen Vater. Dort wird der verstorbene\u00a0<a href=\"http:\/\/www.buseckertal.de\/buseck\/personen-m\/muench\/4002.htm\">Johann v. Buseck, gen. M\u00f6nch<\/a>\u00a0als \u201evon Bubenrod\u201c bezeichnet. Johann lebte bereits 1559 in Bubenrod.<\/p>\n\n\n\n<p>Denn 1559 wollen zwei\u00a0<a href=\"http:\/\/www.buseckertal.de\/buseck\/orte\/alten-buseck.html\">Alten-Buseck<\/a>er B\u00fcrger im Auftrag der Gemeinde eine Schadensersatzleistung an die Ganerben begleichen. Am 23. August 1559 zwischen zehn und elf Uhr sind die beiden Gemeindevertreter zusammen mit dem Notar in Bubenrod vor der Behausung des Johann M\u00f6nch v. Buseck erschienen, mit der Absicht, die Schadensersatzleistung der Pfandsumme anzeigen zu wollen. Es erschien dort aber nur\u00a0<a href=\"http:\/\/www.buseckertal.de\/buseck\/personen-m\/muench\/4036.htm\">Hans Hermann M\u00f6nch v. Buseck<\/a>, Sohn des Johann, und habe mitgeteilt, dass sein Vater nicht anwesend sei. Sie haben ihn deshalb darum gebeten, seinem Vater anzeigen zu wollen, dass sie den Schadensersatz geleistet haben, doch nicht aus einer Rechtspflicht heraus, sondern aus Gehorsam gegen\u00fcber der kaiserlichen Majest\u00e4t. Doch Hans Hermann habe dies nicht annehmen wollen, sie vielmehr an Philipp v. Trohe verwiesen. Noch am gleichen Tag zwischen ein und zwei Uhr nachmittags sind sie deshalb nach Alten-Buseck gekommen und haben dort den Philipp v. Trohe vor seiner Behausung angetroffen. Ihm haben sie das gleiche vorgetragen. Ein langer Weg f\u00fcr diese Ank\u00fcndigung. Entfernung Bubenrod \u2013 Alten-Buseck = 22 km.<\/p>\n\n\n\n<p>Im Jahre 1605 findet ein Erbtausch zwischen\u00a0Hans Philipp v. Buseck gen. M\u00fcnch\u00a0und Hans Hermann Lesch v. M\u00fchlheim statt. Getauscht werden die im Besitz von Hans Philipp v. Buseck gen. M\u00fcnch befindlichen G\u00fcter in Bubenrod und K\u00f6nigsberg, gegen die G\u00fcter des\u00a0Hans Hermann Lesch v. M\u00fchlheim in\u00a0<a href=\"http:\/\/www.buseckertal.de\/buseck\/orte\/reiskirchen.html\">Reiskirchen<\/a>. Bereits wenige Jahre sp\u00e4ter entbrennt ein langer Gerichtsstreit wegen diesem Tausch.\u00a0Hans Hermann Lesch v. M\u00fchlheim beklagt sich, dass die L\u00e4ndereien in Bubenrod und K\u00f6nigsberg, entgegen der Behauptung des inzwischen verstorbenen\u00a0Hans Philipp v. Buseck gen. M\u00fcnch nicht so ertragreich seien wie die ihm nun geh\u00f6rigen L\u00e4ndereien in Bubenrod und K\u00f6nigsberg. Zudem sei verschwiegen worden, dass beide L\u00e4ndereien Lehen seien. So ist Bubenrod sp\u00e4testens ab dem Besitz von\u00a0Hans Philipp v. Buseck gen. M\u00fcnch ein Lehen der Grafen von Leiningen-Westerburg gewesen. Bisher konnte nicht ermittelt werden, ab wann die v. Buseck gen. M\u00fcnch dieses Hofgut zu Lehen hatten.<\/p>\n\n\n\n<hr class=\"wp-block-separator\"\/>\n\n\n\n<p>Von den Bewohnern des <strong>Fachwerkhaus der Schwarzentraubs <\/strong>stammen folgende Fotos und Erinnerungen:<\/p>\n\n\n\n<div class=\"wp-block-columns is-layout-flex wp-container-core-columns-is-layout-28f84493 wp-block-columns-is-layout-flex\">\n<div class=\"wp-block-column is-layout-flow wp-block-column-is-layout-flow\">\n<div class=\"wp-block-image\"><figure class=\"aligncenter size-large is-resized\"><img loading=\"lazy\" decoding=\"async\" src=\"https:\/\/geschichte.bibibo.info\/wp-content\/uploads\/2020\/04\/IMG-20200429-WA0001-1-768x1024.jpg\" alt=\"\" class=\"wp-image-391\" width=\"267\" height=\"356\" srcset=\"https:\/\/geschichte.bibibo.info\/wp-content\/uploads\/2020\/04\/IMG-20200429-WA0001-1-768x1024.jpg 768w, https:\/\/geschichte.bibibo.info\/wp-content\/uploads\/2020\/04\/IMG-20200429-WA0001-1-225x300.jpg 225w, https:\/\/geschichte.bibibo.info\/wp-content\/uploads\/2020\/04\/IMG-20200429-WA0001-1-1152x1536.jpg 1152w, https:\/\/geschichte.bibibo.info\/wp-content\/uploads\/2020\/04\/IMG-20200429-WA0001-1.jpg 1200w\" sizes=\"auto, (max-width: 267px) 100vw, 267px\" \/><\/figure><\/div>\n\n\n\n<figure class=\"wp-block-image size-large\"><img loading=\"lazy\" decoding=\"async\" width=\"1024\" height=\"576\" src=\"https:\/\/geschichte.bibibo.info\/wp-content\/uploads\/2020\/04\/IMG-20200427-WA0002-1024x576.jpg\" alt=\"\" class=\"wp-image-395\" srcset=\"https:\/\/geschichte.bibibo.info\/wp-content\/uploads\/2020\/04\/IMG-20200427-WA0002-1024x576.jpg 1024w, https:\/\/geschichte.bibibo.info\/wp-content\/uploads\/2020\/04\/IMG-20200427-WA0002-300x169.jpg 300w, https:\/\/geschichte.bibibo.info\/wp-content\/uploads\/2020\/04\/IMG-20200427-WA0002-768x432.jpg 768w, https:\/\/geschichte.bibibo.info\/wp-content\/uploads\/2020\/04\/IMG-20200427-WA0002-1536x864.jpg 1536w, https:\/\/geschichte.bibibo.info\/wp-content\/uploads\/2020\/04\/IMG-20200427-WA0002.jpg 1600w\" sizes=\"auto, (max-width: 1024px) 100vw, 1024px\" \/><\/figure>\n\n\n\n<figure class=\"wp-block-image size-large\"><img loading=\"lazy\" decoding=\"async\" width=\"1024\" height=\"576\" src=\"https:\/\/geschichte.bibibo.info\/wp-content\/uploads\/2020\/04\/IMG-20200427-WA0000-1-1024x576.jpg\" alt=\"\" class=\"wp-image-396\" srcset=\"https:\/\/geschichte.bibibo.info\/wp-content\/uploads\/2020\/04\/IMG-20200427-WA0000-1-1024x576.jpg 1024w, https:\/\/geschichte.bibibo.info\/wp-content\/uploads\/2020\/04\/IMG-20200427-WA0000-1-300x169.jpg 300w, https:\/\/geschichte.bibibo.info\/wp-content\/uploads\/2020\/04\/IMG-20200427-WA0000-1-768x432.jpg 768w, https:\/\/geschichte.bibibo.info\/wp-content\/uploads\/2020\/04\/IMG-20200427-WA0000-1-1536x864.jpg 1536w, https:\/\/geschichte.bibibo.info\/wp-content\/uploads\/2020\/04\/IMG-20200427-WA0000-1.jpg 1600w\" sizes=\"auto, (max-width: 1024px) 100vw, 1024px\" \/><\/figure>\n<\/div>\n\n\n\n<div class=\"wp-block-column is-layout-flow wp-block-column-is-layout-flow\">\n<figure class=\"wp-block-image size-large\"><img loading=\"lazy\" decoding=\"async\" width=\"1024\" height=\"576\" src=\"https:\/\/geschichte.bibibo.info\/wp-content\/uploads\/2020\/04\/IMG-20200427-WA0001-1024x576.jpg\" alt=\"\" class=\"wp-image-394\" srcset=\"https:\/\/geschichte.bibibo.info\/wp-content\/uploads\/2020\/04\/IMG-20200427-WA0001-1024x576.jpg 1024w, https:\/\/geschichte.bibibo.info\/wp-content\/uploads\/2020\/04\/IMG-20200427-WA0001-300x169.jpg 300w, https:\/\/geschichte.bibibo.info\/wp-content\/uploads\/2020\/04\/IMG-20200427-WA0001-768x432.jpg 768w, https:\/\/geschichte.bibibo.info\/wp-content\/uploads\/2020\/04\/IMG-20200427-WA0001-1536x864.jpg 1536w, https:\/\/geschichte.bibibo.info\/wp-content\/uploads\/2020\/04\/IMG-20200427-WA0001.jpg 1600w\" sizes=\"auto, (max-width: 1024px) 100vw, 1024px\" \/><\/figure>\n\n\n\n<figure class=\"wp-block-image\"><img decoding=\"async\" src=\"https:\/\/geschichte.bibibo.info\/wp-content\/uploads\/2020\/04\/IMG-20200429-WA0002-768x1024.jpg\" alt=\"Dieses Bild hat ein leeres Alt-Attribut. Der Dateiname ist IMG-20200429-WA0002-768x1024.jpg\"\/><\/figure>\n\n\n\n<p>Die H\u00e4user der Schwarzentraubs in Bubenrod<\/p>\n<\/div>\n<\/div>\n\n\n\n<p>Das \u00e4lteste Haus auf Bubenrod wurde ca. w\u00e4hrend des 30 j\u00e4hrigen Krieges erbaut. Der Besitzer war nach historischen Aufzeichnungen ein Ganerbe namens Johann von Buseck, genannt der &#8222;M\u00f6nch&#8220;.<br>Der Werdegang des Hofes ist aber vordergr\u00fcndig mit der <a href=\"http:\/\/www.loreress.de\/hobby-ahnenforschung-schwarzentraub\/\">Linie der Familie Schwarzentraub<\/a> verbunden.<br>Die Vorfahren kamen aus Schwangau \/ Kanton Bern, also aus der Schweiz. Sie trugen den Namen Schwarzentruber. Ein Sohn der Familie zog Anfang des 18. Jh. nach Sellbach \/ Waldeck.<br>Er gr\u00fcndete hier eine Familie. Ein Sohn dieser Familie wiederum, ein Christian Schwarzentraub arbeitete auf dem Hofgut, hie\u00df dann schon Schwarzentraub. Sp\u00e4ter \u00fcbernahm er den Hof als P\u00e4chter.<br>Er wirtschaftete gut und hinterlie\u00df nach seinem Tod nicht nur 19 Kinder, sondern auch 3 H\u00f6fe und 2 M\u00fchlen. Noch heute wird das als Landesdenkmal gesch\u00fctzte alte Fachwerkhaus von Schwarzentraubs in der f\u00fcnften<br>Generation bewohnt.<\/p>\n\n\n\n<p><strong>Bubenrod hat einen eigenen Friedhof<\/strong> mit alten Grabm\u00e4lern der Verstorbenen und ehemaligen Bewohnern des Hofgutes:<\/p>\n\n\n\n<figure class=\"wp-block-gallery columns-3 is-cropped wp-block-gallery-1 is-layout-flex wp-block-gallery-is-layout-flex\"><ul class=\"blocks-gallery-grid\"><li class=\"blocks-gallery-item\"><figure><img loading=\"lazy\" decoding=\"async\" width=\"1024\" height=\"768\" src=\"https:\/\/geschichte.bibibo.info\/wp-content\/uploads\/2020\/04\/IMG-20200421-WA0007-1-1024x768.jpg\" alt=\"\" data-id=\"374\" data-link=\"https:\/\/geschichte.bibibo.info\/hofgut-bobenrod-mit-historischem-friedhof\/img-20200421-wa0007-1\/\" class=\"wp-image-374\" srcset=\"https:\/\/geschichte.bibibo.info\/wp-content\/uploads\/2020\/04\/IMG-20200421-WA0007-1-1024x768.jpg 1024w, https:\/\/geschichte.bibibo.info\/wp-content\/uploads\/2020\/04\/IMG-20200421-WA0007-1-300x225.jpg 300w, https:\/\/geschichte.bibibo.info\/wp-content\/uploads\/2020\/04\/IMG-20200421-WA0007-1-768x576.jpg 768w, https:\/\/geschichte.bibibo.info\/wp-content\/uploads\/2020\/04\/IMG-20200421-WA0007-1-1536x1152.jpg 1536w, https:\/\/geschichte.bibibo.info\/wp-content\/uploads\/2020\/04\/IMG-20200421-WA0007-1.jpg 1600w\" sizes=\"auto, (max-width: 1024px) 100vw, 1024px\" \/><\/figure><\/li><li class=\"blocks-gallery-item\"><figure><img loading=\"lazy\" decoding=\"async\" width=\"1024\" height=\"768\" src=\"https:\/\/geschichte.bibibo.info\/wp-content\/uploads\/2020\/04\/IMG-20200421-WA0004-1-1024x768.jpg\" alt=\"\" data-id=\"375\" data-link=\"https:\/\/geschichte.bibibo.info\/hofgut-bobenrod-mit-historischem-friedhof\/img-20200421-wa0004-1\/\" class=\"wp-image-375\" srcset=\"https:\/\/geschichte.bibibo.info\/wp-content\/uploads\/2020\/04\/IMG-20200421-WA0004-1-1024x768.jpg 1024w, https:\/\/geschichte.bibibo.info\/wp-content\/uploads\/2020\/04\/IMG-20200421-WA0004-1-300x225.jpg 300w, https:\/\/geschichte.bibibo.info\/wp-content\/uploads\/2020\/04\/IMG-20200421-WA0004-1-768x576.jpg 768w, https:\/\/geschichte.bibibo.info\/wp-content\/uploads\/2020\/04\/IMG-20200421-WA0004-1-1536x1152.jpg 1536w, https:\/\/geschichte.bibibo.info\/wp-content\/uploads\/2020\/04\/IMG-20200421-WA0004-1.jpg 1600w\" sizes=\"auto, (max-width: 1024px) 100vw, 1024px\" \/><\/figure><\/li><li class=\"blocks-gallery-item\"><figure><img loading=\"lazy\" decoding=\"async\" width=\"768\" height=\"1024\" src=\"https:\/\/geschichte.bibibo.info\/wp-content\/uploads\/2020\/04\/IMG-20200421-WA0005-1-768x1024.jpg\" alt=\"\" data-id=\"378\" data-link=\"https:\/\/geschichte.bibibo.info\/hofgut-bobenrod-mit-historischem-friedhof\/img-20200421-wa0005-1\/\" class=\"wp-image-378\" srcset=\"https:\/\/geschichte.bibibo.info\/wp-content\/uploads\/2020\/04\/IMG-20200421-WA0005-1-768x1024.jpg 768w, https:\/\/geschichte.bibibo.info\/wp-content\/uploads\/2020\/04\/IMG-20200421-WA0005-1-225x300.jpg 225w, https:\/\/geschichte.bibibo.info\/wp-content\/uploads\/2020\/04\/IMG-20200421-WA0005-1-1152x1536.jpg 1152w, https:\/\/geschichte.bibibo.info\/wp-content\/uploads\/2020\/04\/IMG-20200421-WA0005-1.jpg 1200w\" sizes=\"auto, (max-width: 768px) 100vw, 768px\" \/><\/figure><\/li><li class=\"blocks-gallery-item\"><figure><img loading=\"lazy\" decoding=\"async\" width=\"1024\" height=\"768\" src=\"https:\/\/geschichte.bibibo.info\/wp-content\/uploads\/2020\/04\/IMG-20200421-WA0006-2-1024x768.jpg\" alt=\"\" data-id=\"377\" data-link=\"https:\/\/geschichte.bibibo.info\/hofgut-bobenrod-mit-historischem-friedhof\/img-20200421-wa0006-2\/\" class=\"wp-image-377\" srcset=\"https:\/\/geschichte.bibibo.info\/wp-content\/uploads\/2020\/04\/IMG-20200421-WA0006-2-1024x768.jpg 1024w, https:\/\/geschichte.bibibo.info\/wp-content\/uploads\/2020\/04\/IMG-20200421-WA0006-2-300x225.jpg 300w, https:\/\/geschichte.bibibo.info\/wp-content\/uploads\/2020\/04\/IMG-20200421-WA0006-2-768x576.jpg 768w, https:\/\/geschichte.bibibo.info\/wp-content\/uploads\/2020\/04\/IMG-20200421-WA0006-2-1536x1152.jpg 1536w, https:\/\/geschichte.bibibo.info\/wp-content\/uploads\/2020\/04\/IMG-20200421-WA0006-2.jpg 1600w\" sizes=\"auto, (max-width: 1024px) 100vw, 1024px\" \/><\/figure><\/li><\/ul><figcaption class=\"blocks-gallery-caption\">Fotos: Christane Wasserthal<\/figcaption><\/figure>\n\n\n\n<hr class=\"wp-block-separator\"\/>\n\n\n\n<p><strong>Folgt man dem Wanderpfad<\/strong>, sind in der N\u00e4he des Geh\u00f6fts weitere spannende Entdeckungen zu machen:<\/p>\n\n\n\n<div class=\"wp-block-columns is-layout-flex wp-container-core-columns-is-layout-28f84493 wp-block-columns-is-layout-flex\">\n<div class=\"wp-block-column is-layout-flow wp-block-column-is-layout-flow\" style=\"flex-basis:66.66%\">\n<figure class=\"wp-block-image\"><img decoding=\"async\" src=\"https:\/\/geschichte.bibibo.info\/wp-content\/uploads\/2020\/06\/image-5.png\" alt=\"Dieses Bild hat ein leeres Alt-Attribut. Der Dateiname ist image-5.png\"\/><figcaption>Foto: <a href=\"https:\/\/www.alltrails.com\/de\/trail\/germany\/hesse\/rodheim-hofgut-haina-und-steinkreis-bubenrod\">All trails<\/a><\/figcaption><\/figure>\n\n\n\n<p><\/p>\n<\/div>\n\n\n\n<div class=\"wp-block-column is-layout-flow wp-block-column-is-layout-flow\" style=\"flex-basis:33.33%\">\n<p>Startpunkt des Rundweges ist ein kleiner Waldparkplatz in Richtung des Sportplatzes in Rodheim. <br>Die Strecke ist sehr abwechslungsreich auf durchweg angenehmem Untergrund. Sie verl\u00e4uft \u00fcber Wiesen, Felder und Wald. Dies alles im steten Wechsel, nie zu lange am St\u00fcck oder zu steil bergauf \/ bergab, so dass sich der Anspruch der Tour erst gegen Ende bemerkbar macht.<\/p>\n<\/div>\n<\/div>\n\n\n\n<p>Der <strong>Rundweg <\/strong>von Rodheim \u00fcber Hofgut Haina und den Steinkreis Bubenrod ist ein <strong>17.2 Kilometer<\/strong> langer, wenig besuchter Rundweg in Biebertal. Er f\u00fchrt durch sch\u00f6nen Wald, l\u00e4sst Wildblumen und oftmals auch Wildtiere entdecken. Aufgrund der Steigung und Distanz ist die Strecke als moderat einzustufen. <br><strong>H\u00f6henunterschied:<\/strong> 532 m<\/p>\n\n\n\n<div class=\"wp-block-columns is-layout-flex wp-container-core-columns-is-layout-28f84493 wp-block-columns-is-layout-flex\">\n<div class=\"wp-block-column is-layout-flow wp-block-column-is-layout-flow\">\n<figure class=\"wp-block-image\"><img decoding=\"async\" src=\"https:\/\/geschichte.bibibo.info\/wp-content\/uploads\/2020\/06\/image-4.png\" alt=\"Dieses Bild hat ein leeres Alt-Attribut. Der Dateiname ist image-4.png\"\/><figcaption>Steinkreis bei Bubenrod<\/figcaption><\/figure>\n\n\n\n<p><\/p>\n<\/div>\n\n\n\n<div class=\"wp-block-column is-layout-flow wp-block-column-is-layout-flow\">\n<figure class=\"wp-block-image size-large is-resized\"><img loading=\"lazy\" decoding=\"async\" src=\"https:\/\/geschichte.bibibo.info\/wp-content\/uploads\/2020\/06\/image-6.png\" alt=\"\" class=\"wp-image-571\" width=\"385\" height=\"307\" srcset=\"https:\/\/geschichte.bibibo.info\/wp-content\/uploads\/2020\/06\/image-6.png 975w, https:\/\/geschichte.bibibo.info\/wp-content\/uploads\/2020\/06\/image-6-300x239.png 300w, https:\/\/geschichte.bibibo.info\/wp-content\/uploads\/2020\/06\/image-6-768x613.png 768w\" sizes=\"auto, (max-width: 385px) 100vw, 385px\" \/><figcaption><a href=\"https:\/\/www.google.de\/maps\/uv?hl=de&amp;pb=!1s0x47bc5b7ce1ac8147:0x93a93c0d4d630da4!3m1!7e115!4shttps:\/\/lh5.googleusercontent.com\/p\/AF1QipPnPGFaJ4k2vmvZqnWv6-KSx3kgEYZW58nNskJY%3Dw232-h174-k-no!5salte+eiche+waldgirmes+-+Google-Suche&amp;imagekey=!1e10!2sAF1QipPnPGFaJ4k2vmvZqnWv6-KSx3kgEYZW58nNskJY&amp;sa=X&amp;ved=2ahUKEwjFg-W9hOjpAhUFzKQKHcvPCKUQoiowCnoECA0QBg\">dicke Eiche<\/a> in der Gemarkung Waldgirmes<\/figcaption><\/figure>\n\n\n\n<p><\/p>\n<\/div>\n<\/div>\n\n\n\n<hr class=\"wp-block-separator\"\/>\n\n\n\n<div class=\"wp-block-columns is-layout-flex wp-container-core-columns-is-layout-28f84493 wp-block-columns-is-layout-flex\">\n<div class=\"wp-block-column is-layout-flow wp-block-column-is-layout-flow\" style=\"flex-basis:33.33%\">\n<div class=\"wp-block-image\"><figure class=\"aligncenter size-large\"><img loading=\"lazy\" decoding=\"async\" width=\"191\" height=\"267\" src=\"https:\/\/geschichte.bibibo.info\/wp-content\/uploads\/2020\/06\/image-7.png\" alt=\"\" class=\"wp-image-575\"\/><figcaption>Foto: Jagdverein Hubertus<\/figcaption><\/figure><\/div>\n\n\n\n<p><\/p>\n<\/div>\n\n\n\n<div class=\"wp-block-column is-layout-flow wp-block-column-is-layout-flow\" style=\"flex-basis:66.66%\">\n<p><strong>Desweiteren findet man direkt<\/strong> <strong>im ersten Haus auf der rechten Seite, wenn man \u00fcber die schmale Zugangsstra\u00dfe nach Bubenrod kommt, den J\u00e4ger Dieter Mackenrodt<\/strong>, den aktuellen Vorsitzenden des <a href=\"https:\/\/www.hubertus-giessen.de\/\">Jagdverein Hubertus. Gie\u00dfen u. Umgebung e.V..<\/a><\/p>\n\n\n\n<p>Bei ihm bekommt man <strong>frisches Fleisch vom Wild<\/strong>, <br>Telefon: 06446 \/ 92 15 02. Fax: 06446 \/ 9269901,<br>Mobil: 0172 \/ 67 66 504, <br>Mail: <a href=\"mailto:d.mackenrodt@t-online.de\">d.mackenrodt@t-online.de<\/a>, <br>Web: <a href=\"https:\/\/www.mackenrodt-bau.de\/\">https:\/\/www.mackenrodt-bau.de\/<\/a><\/p>\n<\/div>\n<\/div>\n\n\n\n<p>Die Gie\u00dfener Allgemeine berichtete am 02.10.2015 von einem Jagdausflug mit Herrn Mackenroth  <br>unter der \u00dcberschrift ><a href=\"https:\/\/www.giessener-allgemeine.de\/kreis-giessen\/biebertal-ort848760\/jaeger-unterwegsabschalten-statt-abdruecken-12069418.html\">Mit dem J\u00e4ger unterwegs:Abschalten statt Abdr\u00fccken<\/a>&lt;<\/p>\n\n\n\n<hr class=\"wp-block-separator\"\/>\n\n\n\n<p>Weitere Bilder zum Hofgut finden Sie \u00fcber folgenden <a href=\"https:\/\/www.google.de\/search?sa=N&amp;source=univ&amp;tbm=isch&amp;q=bubenrod+hofgut&amp;ved=2ahUKEwjp8tiF6u3pAhWJ0KYKHV6eA4w4ChCwBHoECAoQAQ&amp;biw=1760&amp;bih=847\">Link<\/a><\/p>\n\n\n\n<hr class=\"wp-block-separator\"\/>\n\n\n\n<p>Ein Findling zum Schluss: <br><a href=\"https:\/\/www.zeit.de\/1972\/13\/flucht-nach-vorn\">Die Best Aff\u00e4re<\/a>. Bernd Jasper, ver\u00f6ffentliche in der ZEIT Nr. 13\/1972 den Artikel &#8222;Fucht nach vorn&#8220;<\/p>\n\n\n\n<p><em>Wiesbaden<\/em><\/p>\n\n\n\n<p><strong>Der <\/strong>Minister wollte auf Kreta alte Steine sammeln. Doch dazu kam es gar nicht erst. Bereits in Athen entschied sich <a href=\"https:\/\/www.zeit.de\/thema\/werner-best\">Werner Best<\/a>, seit 1970 Hessens erster Umweltminister, zur Umkehr. Sein Ministerpr\u00e4sident und Parteichef Albert Osswald hatte ihm telegraphiert, Bests leidige Grundst\u00fccksaff\u00e4re sei durch neue &#8222;Enth\u00fcllungen&#8220; zu neuen Schlagzeilen gekommen und m\u00fcsse &#8222;endg\u00fcltig bereinigt&#8220; werden.<\/p>\n\n\n\n<p>Zehn Stunden sp\u00e4ter landete Minister Best in Frankfurt. Kurz darauf erlebte die Landespressekonferenz in <a href=\"https:\/\/www.zeit.de\/thema\/wiesbaden\">Wiesbaden<\/a> einen ganz besonderen Auftritt. Mit dutzendfach vervielf\u00e4ltigten Grundbuchausz\u00fcgen, Standortskizzen und Beh\u00f6rdendokumenten k\u00e4mpfte Best gegen den Vorwurf, \u00fcber die umstrittene Beteiligung an dem 100-Hektar-Hofgut Bubenrod hinaus Grundst\u00fcckserwerb en gros betrieben zu haben und dabei an die Grenzen der Legalit\u00e4t gesto\u00dfen zu sein. Es hie\u00df, ein Teil seines Grundbesitzes sei identisch mit der geplanten Trasse der Bundesautobahn Koblenz\u2013Gie\u00dfen. Er habe nur deswegen dieses Land erworben, um sp\u00e4ter bei der Realisierung des Autobahn-Projekts ein gutes Gesch\u00e4ft zu machen.<\/p>\n\n\n\n<p>In der Tat \u2013 ein harter Vorwurf, wenn man bedenkt, da\u00df Best Landrat in Wetzlar war und in dieser Eigenschaft fr\u00fchzeitig von allen \u00f6ffentlichen Bauvorhaben in Kenntnis gesetzt wurde.<\/p>\n\n\n\n<p>Anders als in der Hofgut-Aff\u00e4re, ergriff der Minister diesmal die Flucht nach vorn und erlaubte den Journalisten Einblick in sein gesamtes privates Gesch\u00e4ftsgebaren. Die Tatsachen gezeichnet, gedruckt und beglaubigt vor Augen, mu\u00dften, selbst die hartn\u00e4ckigsten Kritiker Zugeben, da\u00df Bests Latifundien keinen spekulativen Mehrwert haben. Mehr noch, der attackierte Minister konnte nachweisen, da\u00df die meisten Parzellen, die rings um seinen Heimatort Waldgirmes (Landkreis Wetzlar) verstreut liegen, durch Erbschaft in seinen Besitz gekommen waren und da\u00df die alles in allem 25 000 Quadratmeter gro\u00dfen Fl\u00e4chen \u2013 offiziell taxiert \u2013 h\u00f6chstens 25 000 Mark wert sind. Der Lageplan machte \u00fcberdies deutlich, da\u00df von einer Autobahnn\u00e4he kaum die Rede sein konnte.<\/p>\n\n\n\n<p>Als Best nach einem hundert Minuten dauernden Frage-und-Antwort-Spiel das Pressezimmer im Wiesbadener Landtag verlie\u00df, bat er die Journalisten, &#8222;endlich mit der Inquisition Schlu\u00df zu machen&#8220;. Aber vielleicht war diese Bitte an die falsche Adresse gerichtet, denn die Enth\u00fcllungsstrategen sitzen woanders. Sie sind gr\u00f6\u00dftenteils in seiner eigenen Partei, der SPD, zu finden und wollen trotz Bests Verteidigungsargumenten das Rennen nicht aufgeben. Sie neiden Bests steilen Aufstieg vom Bauernjungen zum Kabinettsmitglied. In Wiesbaden wei\u00df man, da\u00df die CDU, die vordergr\u00fcndig als Bombenleger fungierte, die wahren Hinterm\u00e4nner nennen k\u00f6nnte \u2013 dann w\u00e4re allerdings ein Hauskrach bei der SPD f\u00e4llig.<\/p>\n","protected":false},"excerpt":{"rendered":"<p>Auf der Seite &#8222;Kulturdenkm\u00e4ler in Hessen&#8220; wird \u00fcber das Hofgut Bubenrod berichtet. Es liegt, umgeben von W\u00e4ldern, s\u00fcdlich von K\u00f6nigsberg. In der N\u00e4he f\u00fchrten einst zwei mittelalterliche Handelsstra\u00dfen, die \u201eW\u00e4llerstra\u00dfe&#8220; und die \u201eHohe Stra\u00dfe&#8220; vorbei. Elke Noppes hat f\u00fcr das Geschichtsportal Busecker Tal recherchiert: Sp\u00e4testens im 15. Jahrhundert besa\u00df, mit Johann v. Buseck gen. M\u00fcnch &hellip; <\/p>\n<p class=\"link-more\"><a href=\"https:\/\/geschichte.bibibo.info\/?page_id=363\" class=\"more-link\">Mehr <span class=\"screen-reader-text\">\u00fcber &#8222;Hofgut Bubenrod, historischer Friedhof und mehr&#8220; <\/span>Lesen<\/a><\/p>\n","protected":false},"author":2,"featured_media":0,"parent":0,"menu_order":0,"comment_status":"closed","ping_status":"closed","template":"","meta":{"inspiro_hide_title":false,"footnotes":""},"class_list":["post-363","page","type-page","status-publish","hentry"],"_links":{"self":[{"href":"https:\/\/geschichte.bibibo.info\/index.php?rest_route=\/wp\/v2\/pages\/363","targetHints":{"allow":["GET"]}}],"collection":[{"href":"https:\/\/geschichte.bibibo.info\/index.php?rest_route=\/wp\/v2\/pages"}],"about":[{"href":"https:\/\/geschichte.bibibo.info\/index.php?rest_route=\/wp\/v2\/types\/page"}],"author":[{"embeddable":true,"href":"https:\/\/geschichte.bibibo.info\/index.php?rest_route=\/wp\/v2\/users\/2"}],"replies":[{"embeddable":true,"href":"https:\/\/geschichte.bibibo.info\/index.php?rest_route=%2Fwp%2Fv2%2Fcomments&post=363"}],"version-history":[{"count":20,"href":"https:\/\/geschichte.bibibo.info\/index.php?rest_route=\/wp\/v2\/pages\/363\/revisions"}],"predecessor-version":[{"id":580,"href":"https:\/\/geschichte.bibibo.info\/index.php?rest_route=\/wp\/v2\/pages\/363\/revisions\/580"}],"wp:attachment":[{"href":"https:\/\/geschichte.bibibo.info\/index.php?rest_route=%2Fwp%2Fv2%2Fmedia&parent=363"}],"curies":[{"name":"wp","href":"https:\/\/api.w.org\/{rel}","templated":true}]}}