{"id":202,"date":"2020-04-18T12:34:07","date_gmt":"2020-04-18T12:34:07","guid":{"rendered":"http:\/\/geschichte.bibibo.info\/?page_id=202"},"modified":"2020-06-06T19:53:55","modified_gmt":"2020-06-06T19:53:55","slug":"gleise-der-bieberlies-und-entschleunigungsweg","status":"publish","type":"page","link":"https:\/\/geschichte.bibibo.info\/?page_id=202","title":{"rendered":"Gleise der Bieberlies und Entschleunigungsweg"},"content":{"rendered":"\n<div class=\"wp-block-image\"><figure class=\"aligncenter size-large\"><img loading=\"lazy\" decoding=\"async\" width=\"190\" height=\"127\" src=\"https:\/\/geschichte.bibibo.info\/wp-content\/uploads\/2020\/04\/image-27.png\" alt=\"\" class=\"wp-image-319\" srcset=\"https:\/\/geschichte.bibibo.info\/wp-content\/uploads\/2020\/04\/image-27.png 190w, https:\/\/geschichte.bibibo.info\/wp-content\/uploads\/2020\/04\/image-27-120x80.png 120w\" sizes=\"auto, (max-width: 190px) 100vw, 190px\" \/><figcaption>Die Lok der Bieberliesbahn<\/figcaption><\/figure><\/div>\n\n\n\n<figure class=\"wp-block-image size-large\"><img loading=\"lazy\" decoding=\"async\" width=\"972\" height=\"512\" src=\"https:\/\/geschichte.bibibo.info\/wp-content\/uploads\/2020\/06\/image-9.png\" alt=\"\" class=\"wp-image-585\" srcset=\"https:\/\/geschichte.bibibo.info\/wp-content\/uploads\/2020\/06\/image-9.png 972w, https:\/\/geschichte.bibibo.info\/wp-content\/uploads\/2020\/06\/image-9-300x158.png 300w, https:\/\/geschichte.bibibo.info\/wp-content\/uploads\/2020\/06\/image-9-768x405.png 768w\" sizes=\"auto, (max-width: 972px) 100vw, 972px\" \/><figcaption>Foto: Waldschmidt &#8211; <a href=\"https:\/\/www.giessener-anzeiger.de\/lokales\/kreis-giessen\/biebertal\/nur-der-historische-wagen-fehlt_17224152\">Gie\u00dfener Anzeiger<\/a><\/figcaption><\/figure>\n\n\n\n<div class=\"wp-block-image\"><figure class=\"aligncenter size-large\"><img loading=\"lazy\" decoding=\"async\" width=\"1024\" height=\"425\" src=\"https:\/\/geschichte.bibibo.info\/wp-content\/uploads\/2020\/04\/image-16-1024x425.png\" alt=\"\" class=\"wp-image-209\" srcset=\"https:\/\/geschichte.bibibo.info\/wp-content\/uploads\/2020\/04\/image-16-1024x425.png 1024w, https:\/\/geschichte.bibibo.info\/wp-content\/uploads\/2020\/04\/image-16-300x125.png 300w, https:\/\/geschichte.bibibo.info\/wp-content\/uploads\/2020\/04\/image-16-768x319.png 768w, https:\/\/geschichte.bibibo.info\/wp-content\/uploads\/2020\/04\/image-16.png 1136w\" sizes=\"auto, (max-width: 1024px) 100vw, 1024px\" \/><figcaption><strong>Gleise der Bieberliesbahn<\/strong> und <strong>Start des Entschleunigunsweges<\/strong> nahe Hof Schmitte<br><\/figcaption><\/figure><\/div>\n\n\n\n<p>Mit Hilfe des <a href=\"http:\/\/www.giessenerland.de\/der-bieberlies-ein-denkmal-gesetzt\/\">LEADER-Programms <\/a>konnte der Bieberlies ein Denkmal gesetzt werden.<\/p>\n\n\n\n<p>Der Heimatverein Rodheim-Bieber beschreibt <a href=\"https:\/\/www.heimatverein-rodheim-bieber.de\/hv\/arbeitskreise\/erzbergbau-huettenwesen-bieberlies\/\">Erzbergbau &#8211; H\u00fcttenwesen und Bieberlies<\/a> ausf\u00fchrlich.<br>Reichlich Bilder stellt <a href=\"https:\/\/www.google.com\/search?sa=N&amp;sxsrf=ALeKk01LeEYJusWIVS3JBZY8teokt_QO7Q:1587213464572&amp;q=Gleise+der+Bieberlies&amp;tbm=isch&amp;source=univ&amp;ved=2ahUKEwik-vP1_vHoAhVQyaQKHSXJCgw4ChCwBHoECAoQAQ&amp;biw=1920&amp;bih=937\">Google <\/a>aus.<\/p>\n\n\n\n<p><a href=\"http:\/\/www.giessenerland.de\/wp-content\/uploads\/sites\/31\/2015\/09\/ge%C3%A4nderte-Projektplanung-Gleisanlage-Biebertalbahn.pdf\">Projektplanung <\/a>und Bilder von damals, als die <a href=\"https:\/\/www.giessener-allgemeine.de\/kreis-giessen\/biebertal-ort848760\/wagen-bieberlies-areal-schweiz-13595080.html\">Bietertalbahn <\/a>noch unterwegs war. <\/p>\n\n\n\n<p>2020 konnte ein <a href=\"https:\/\/www.giessener-anzeiger.de\/lokales\/kreis-giessen\/biebertal\/nur-der-historische-wagen-fehlt_17224152\">Wagen auf die Geleise<\/a> geholt und <a href=\"https:\/\/rodheim.biebertaler-bilderbogen.de\/ein-waggon-fuer-die-bieberlies-lok\/\">wieder auf`s Gleis<\/a> gestellt werden.<\/p>\n\n\n\n<div class=\"wp-block-columns is-layout-flex wp-container-core-columns-is-layout-28f84493 wp-block-columns-is-layout-flex\">\n<div class=\"wp-block-column is-layout-flow wp-block-column-is-layout-flow\">\n<figure class=\"wp-block-image\"><img decoding=\"async\" src=\"https:\/\/geschichte.bibibo.info\/wp-content\/uploads\/2020\/06\/image-8.png\" alt=\"Dieses Bild hat ein leeres Alt-Attribut. Der Dateiname ist image-8.png\"\/><figcaption>Foto: Eveline Renell<\/figcaption><\/figure>\n<\/div>\n\n\n\n<div class=\"wp-block-column is-layout-flow wp-block-column-is-layout-flow\">\n<figure class=\"wp-block-image size-large\"><a href=\"https:\/\/www.giessener-allgemeine.de\/kreis-giessen\/biebertal-ort848760\/wagen-bieberlies-areal-schweiz-13595080.html\"><img loading=\"lazy\" decoding=\"async\" width=\"730\" height=\"347\" src=\"https:\/\/geschichte.bibibo.info\/wp-content\/uploads\/2020\/06\/image-10.png\" alt=\"\" class=\"wp-image-586\" srcset=\"https:\/\/geschichte.bibibo.info\/wp-content\/uploads\/2020\/06\/image-10.png 730w, https:\/\/geschichte.bibibo.info\/wp-content\/uploads\/2020\/06\/image-10-300x143.png 300w\" sizes=\"auto, (max-width: 730px) 100vw, 730px\" \/><\/a><figcaption>Foto: Waldschmidt \/ <a href=\"https:\/\/www.giessener-allgemeine.de\/kreis-giessen\/biebertal-ort848760\/wagen-bieberlies-areal-schweiz-13595080.html\">Gie\u00dfener Allgemeine<\/a><\/figcaption><\/figure>\n<\/div>\n<\/div>\n\n\n\n<p>Erfreulich: sofort meldeten sich 5 Jugendliche, die bei der Restauration des Waggons mitarbeiten wollen.<br>In Eigenarbeit will der Heimatverein den Wagen wieder so herrichten, wie sie in der Zeit von 1989 &#8211; 1963 fuhr und die Arbeiter mit Richtung Gie\u00dfen und nach Hause nahm.<\/p>\n\n\n\n<p>Quellen:<br>Gie\u00dfener Allgemeine, 09.09.16, <a href=\"https:\/\/www.giessener-allgemeine.de\/kreis-giessen\/bleibt-sind-paar-gleise-12007554.html\">Was bleibt, sind ein paar Gleise<\/a><br>Gie\u00dfener Anzeiger, 23.08.2016, Nur der historische Wagen fehlt<br>Gie\u00dfener Allgemeine, 11.03.20, Wagen f\u00fcr Bieberlies-Areal aus der Schweiz<\/p>\n\n\n\n<p><\/p>\n","protected":false},"excerpt":{"rendered":"<p>Mit Hilfe des LEADER-Programms konnte der Bieberlies ein Denkmal gesetzt werden. Der Heimatverein Rodheim-Bieber beschreibt Erzbergbau &#8211; H\u00fcttenwesen und Bieberlies ausf\u00fchrlich.Reichlich Bilder stellt Google aus. Projektplanung und Bilder von damals, als die Bietertalbahn noch unterwegs war. 2020 konnte ein Wagen auf die Geleise geholt und wieder auf`s Gleis gestellt werden. Erfreulich: sofort meldeten sich 5 &hellip; <\/p>\n<p class=\"link-more\"><a href=\"https:\/\/geschichte.bibibo.info\/?page_id=202\" class=\"more-link\">Mehr <span class=\"screen-reader-text\">\u00fcber &#8222;Gleise der Bieberlies und Entschleunigungsweg&#8220; <\/span>Lesen<\/a><\/p>\n","protected":false},"author":2,"featured_media":0,"parent":0,"menu_order":0,"comment_status":"closed","ping_status":"closed","template":"","meta":{"inspiro_hide_title":false,"footnotes":""},"class_list":["post-202","page","type-page","status-publish","hentry"],"_links":{"self":[{"href":"https:\/\/geschichte.bibibo.info\/index.php?rest_route=\/wp\/v2\/pages\/202","targetHints":{"allow":["GET"]}}],"collection":[{"href":"https:\/\/geschichte.bibibo.info\/index.php?rest_route=\/wp\/v2\/pages"}],"about":[{"href":"https:\/\/geschichte.bibibo.info\/index.php?rest_route=\/wp\/v2\/types\/page"}],"author":[{"embeddable":true,"href":"https:\/\/geschichte.bibibo.info\/index.php?rest_route=\/wp\/v2\/users\/2"}],"replies":[{"embeddable":true,"href":"https:\/\/geschichte.bibibo.info\/index.php?rest_route=%2Fwp%2Fv2%2Fcomments&post=202"}],"version-history":[{"count":10,"href":"https:\/\/geschichte.bibibo.info\/index.php?rest_route=\/wp\/v2\/pages\/202\/revisions"}],"predecessor-version":[{"id":588,"href":"https:\/\/geschichte.bibibo.info\/index.php?rest_route=\/wp\/v2\/pages\/202\/revisions\/588"}],"wp:attachment":[{"href":"https:\/\/geschichte.bibibo.info\/index.php?rest_route=%2Fwp%2Fv2%2Fmedia&parent=202"}],"curies":[{"name":"wp","href":"https:\/\/api.w.org\/{rel}","templated":true}]}}